{"id":61,"date":"2015-12-17T15:14:21","date_gmt":"2015-12-17T15:14:21","guid":{"rendered":"http:\/\/www.ag-jugendpflege.de\/wordpress\/?page_id=61"},"modified":"2024-05-21T14:41:00","modified_gmt":"2024-05-21T14:41:00","slug":"impressum","status":"publish","type":"page","link":"https:\/\/www.ag-jugendpflege.de\/?page_id=61","title":{"rendered":"Impressum"},"content":{"rendered":"<table style=\"width: 100%; height: 419px;\" width=\"628\">\n<tbody>\n<tr style=\"height: 24px;\">\n<td style=\"height: 24px; width: 98.3333%;\" colspan=\"2\"><strong>Impressum<\/strong><\/td>\n<td style=\"height: 24px; width: 0.476191%;\"><\/td>\n<\/tr>\n<tr style=\"height: 24px;\">\n<td style=\"height: 24px; width: 98.3333%;\" colspan=\"2\"><strong>\u00a0<\/strong><\/td>\n<td style=\"height: 24px; width: 0.476191%;\"><\/td>\n<\/tr>\n<tr style=\"height: 66px;\">\n<td style=\"width: 5.83333%; vertical-align: top; height: 66px;\">Gesch\u00e4ftsstelle:<\/td>\n<td style=\"height: 66px; width: 92.5%;\">Arbeitsgemeinschaft Jugendpflege im Landkreis Trier-Saarburg<br \/>\nc\/o Jugendzentrum Schweich, In den Schlimmfuhren 20, 54338 Schweich<\/td>\n<td style=\"height: 66px; width: 0.476191%;\"><\/td>\n<\/tr>\n<tr style=\"height: 24px;\">\n<td style=\"width: 5.83333%; height: 24px;\">Gesch\u00e4ftsf\u00fchrer:<\/td>\n<td style=\"height: 24px; width: 92.5%;\">Maximilian Kimmlingen<\/td>\n<td style=\"height: 24px; width: 0.476191%;\"><\/td>\n<\/tr>\n<tr style=\"height: 24px;\">\n<td style=\"height: 24px; width: 5.83333%;\">Fon:<\/td>\n<td style=\"height: 24px; width: 92.5%;\">06502 9810510<\/td>\n<td style=\"height: 24px; width: 0.476191%;\"><\/td>\n<\/tr>\n<tr style=\"height: 24px;\">\n<td style=\"height: 24px; width: 5.83333%;\">Email:<\/td>\n<td style=\"height: 24px; width: 92.5%;\">kontakt@ag-jugendpflege.de<\/td>\n<td style=\"height: 24px; width: 0.476191%;\"><\/td>\n<\/tr>\n<tr style=\"height: 24px;\">\n<td style=\"height: 24px; width: 5.83333%;\"><\/td>\n<td style=\"height: 24px; width: 92.5%;\"><\/td>\n<td style=\"height: 24px; width: 0.476191%;\"><\/td>\n<\/tr>\n<tr style=\"height: 24px;\">\n<td style=\"height: 24px; width: 98.3333%;\" colspan=\"2\">Vertretungsberechtigter Gesch\u00e4ftsf\u00fchrer: Maximilian Kimmlingen<\/td>\n<td style=\"height: 24px; width: 0.476191%;\"><\/td>\n<\/tr>\n<tr style=\"height: 24px;\">\n<td style=\"height: 24px; width: 98.3333%;\" colspan=\"2\">Inhaltlich Verantwortlicher gem\u00e4\u00df \u00a7 10 Absatz 3 MDStV: Maximilian Kimmlingen<\/td>\n<td style=\"height: 24px; width: 0.476191%;\"><\/td>\n<\/tr>\n<tr style=\"height: 23px;\">\n<td style=\"width: 98.3333%; height: 23px;\" colspan=\"2\">Technische Umsetzung: Jugendnetzwerk Konz e.V.<\/td>\n<td style=\"width: 0.476191%; height: 23px;\"><\/td>\n<\/tr>\n<tr style=\"height: 24px;\">\n<td style=\"height: 24px; width: 98.3333%;\" colspan=\"2\"><\/td>\n<td style=\"height: 24px; width: 0.476191%;\"><\/td>\n<\/tr>\n<tr style=\"height: 66px;\">\n<td style=\"height: 66px; width: 98.3333%;\" colspan=\"2\">Haftungshinweis: Trotz sorgf\u00e4ltiger inhaltlicher Kontrolle \u00fcbernehmen wir keine Haftung f\u00fcr die Inhalte externer Links. F\u00fcr den Inhalt der verlinkten Seiten sind ausschlie\u00dflich deren Betreiber verantwortlich.<\/td>\n<td style=\"width: 0.476191%; height: 66px;\"><\/td>\n<\/tr>\n<\/tbody>\n<\/table>\n","protected":false},"excerpt":{"rendered":"<p>Impressum \u00a0 Gesch\u00e4ftsstelle: Arbeitsgemeinschaft Jugendpflege im Landkreis Trier-Saarburg c\/o Jugendzentrum Schweich, In den Schlimmfuhren 20, 54338 Schweich Gesch\u00e4ftsf\u00fchrer: Maximilian Kimmlingen Fon: 06502 9810510 Email: kontakt@ag-jugendpflege.de Vertretungsberechtigter Gesch\u00e4ftsf\u00fchrer: Maximilian Kimmlingen Inhaltlich Verantwortlicher gem\u00e4\u00df \u00a7 10 Absatz 3 MDStV: Maximilian Kimmlingen Technische Umsetzung: Jugendnetzwerk Konz e.V. Haftungshinweis: Trotz sorgf\u00e4ltiger inhaltlicher Kontrolle \u00fcbernehmen wir keine Haftung f\u00fcr die [&hellip;]<\/p>\n","protected":false},"author":1,"featured_media":0,"parent":0,"menu_order":0,"comment_status":"closed","ping_status":"closed","template":"","meta":{"footnotes":""},"class_list":["post-61","page","type-page","status-publish","hentry"],"_links":{"self":[{"href":"https:\/\/www.ag-jugendpflege.de\/index.php?rest_route=\/wp\/v2\/pages\/61","targetHints":{"allow":["GET"]}}],"collection":[{"href":"https:\/\/www.ag-jugendpflege.de\/index.php?rest_route=\/wp\/v2\/pages"}],"about":[{"href":"https:\/\/www.ag-jugendpflege.de\/index.php?rest_route=\/wp\/v2\/types\/page"}],"author":[{"embeddable":true,"href":"https:\/\/www.ag-jugendpflege.de\/index.php?rest_route=\/wp\/v2\/users\/1"}],"replies":[{"embeddable":true,"href":"https:\/\/www.ag-jugendpflege.de\/index.php?rest_route=%2Fwp%2Fv2%2Fcomments&post=61"}],"version-history":[{"count":11,"href":"https:\/\/www.ag-jugendpflege.de\/index.php?rest_route=\/wp\/v2\/pages\/61\/revisions"}],"predecessor-version":[{"id":910,"href":"https:\/\/www.ag-jugendpflege.de\/index.php?rest_route=\/wp\/v2\/pages\/61\/revisions\/910"}],"wp:attachment":[{"href":"https:\/\/www.ag-jugendpflege.de\/index.php?rest_route=%2Fwp%2Fv2%2Fmedia&parent=61"}],"curies":[{"name":"wp","href":"https:\/\/api.w.org\/{rel}","templated":true}]}}